{"id":25,"date":"2020-10-26T18:44:10","date_gmt":"2020-10-26T18:44:10","guid":{"rendered":"https:\/\/publimar.mx\/?page_id=25"},"modified":"2020-10-30T16:35:11","modified_gmt":"2020-10-30T16:35:11","slug":"turismo","status":"publish","type":"page","link":"https:\/\/publimar.mx\/index.php\/turismo\/","title":{"rendered":"TURISMO"},"content":{"rendered":"\n<div class=\"pt-cv-wrapper\"><div class=\"pt-cv-view pt-cv-scrollable pt-cv-colsys\" id=\"pt-cv-view-126ec5cfmw\"><div data-id=\"pt-cv-page-1\" class=\"pt-cv-page\" data-cvc=\"1\"><div id=\"0e975450mb\" class=\"pt-cv-carousel pt-cv-slide\" data-ride=\"cvcarousel\" data-interval=false><ol class=\"pt-cv-carousel-indicators\"><li data-target=\"#0e975450mb\" data-cvslide-to=\"0\" class=\"active\"><\/li>\n<li data-target=\"#0e975450mb\" data-cvslide-to=\"1\" class=\"\"><\/li>\n<li data-target=\"#0e975450mb\" data-cvslide-to=\"2\" class=\"\"><\/li>\n<li data-target=\"#0e975450mb\" data-cvslide-to=\"3\" class=\"\"><\/li>\n<li data-target=\"#0e975450mb\" data-cvslide-to=\"4\" class=\"\"><\/li>\n<li data-target=\"#0e975450mb\" data-cvslide-to=\"5\" class=\"\"><\/li>\n<li data-target=\"#0e975450mb\" data-cvslide-to=\"6\" class=\"\"><\/li>\n<li data-target=\"#0e975450mb\" data-cvslide-to=\"7\" class=\"\"><\/li>\n<li data-target=\"#0e975450mb\" data-cvslide-to=\"8\" class=\"\"><\/li>\n<li data-target=\"#0e975450mb\" data-cvslide-to=\"9\" class=\"\"><\/li><\/ol>\n<div class=\"carousel-inner\"><div class=\"item active\"><div class=\"row\"><div class=\"col-md-12 pt-cv-content-item pt-cv-1-col\" ><a href=\"https:\/\/publimar.mx\/index.php\/2024\/08\/02\/participara-secretaria-de-las-culturas-y-artes-en-festival-vera-ninez\/\" class=\"_self pt-cv-href-thumbnail pt-cv-thumb-default\" target=\"_self\" ><img width=\"300\" height=\"200\" src=\"https:\/\/publimar.mx\/wp-content\/uploads\/2024\/08\/edb5748e-4a13-412e-a625-128d5376b784-300x200.jpeg\" class=\"pt-cv-thumbnail\" alt=\"\" loading=\"lazy\" srcset=\"https:\/\/publimar.mx\/wp-content\/uploads\/2024\/08\/edb5748e-4a13-412e-a625-128d5376b784-300x200.jpeg 300w, https:\/\/publimar.mx\/wp-content\/uploads\/2024\/08\/edb5748e-4a13-412e-a625-128d5376b784-1024x682.jpeg 1024w, https:\/\/publimar.mx\/wp-content\/uploads\/2024\/08\/edb5748e-4a13-412e-a625-128d5376b784-768x512.jpeg 768w, https:\/\/publimar.mx\/wp-content\/uploads\/2024\/08\/edb5748e-4a13-412e-a625-128d5376b784-1536x1023.jpeg 1536w, https:\/\/publimar.mx\/wp-content\/uploads\/2024\/08\/edb5748e-4a13-412e-a625-128d5376b784.jpeg 1600w\" sizes=\"(max-width: 300px) 100vw, 300px\" \/><\/a>\n<div class=\"pt-cv-carousel-caption pt-cv-cap-w-img\"><h4 class=\"pt-cv-title\"><a href=\"https:\/\/publimar.mx\/index.php\/2024\/08\/02\/participara-secretaria-de-las-culturas-y-artes-en-festival-vera-ninez\/\" class=\"_self\" target=\"_self\" >Participar\u00e1 Secretar\u00eda de las Culturas y Artes en Festival Vera Ni\u00f1ez<\/a><\/h4>\n<div class=\"pt-cv-content\">Oaxaca de Ju\u00e1rez, Oax. 2 de agosto de 2024 \u2013 La Secretar\u00eda de las Culturas y Artes de Oaxaca ser\u00e1 ...<br \/><a href=\"https:\/\/publimar.mx\/index.php\/2024\/08\/02\/participara-secretaria-de-las-culturas-y-artes-en-festival-vera-ninez\/\" class=\"_self pt-cv-readmore btn btn-success\" target=\"_self\">Leer M\u00e1s<\/a><\/div><\/div><\/div><\/div><\/div>\n<div class=\"item\"><div class=\"row\"><div class=\"col-md-12 pt-cv-content-item pt-cv-1-col\" ><a href=\"https:\/\/publimar.mx\/index.php\/2024\/07\/27\/invitan-a-la-expo-feria-artesanal-del-tapete-de-lana-en-la-real-alhondiga-de-antequera\/\" class=\"_self pt-cv-href-thumbnail pt-cv-thumb-default\" target=\"_self\" ><img width=\"300\" height=\"200\" src=\"https:\/\/publimar.mx\/wp-content\/uploads\/2024\/07\/FERIA-ARTESANAL-DE-LANA-3-300x200.jpeg\" class=\"pt-cv-thumbnail\" alt=\"\" loading=\"lazy\" srcset=\"https:\/\/publimar.mx\/wp-content\/uploads\/2024\/07\/FERIA-ARTESANAL-DE-LANA-3-300x200.jpeg 300w, https:\/\/publimar.mx\/wp-content\/uploads\/2024\/07\/FERIA-ARTESANAL-DE-LANA-3-768x512.jpeg 768w, https:\/\/publimar.mx\/wp-content\/uploads\/2024\/07\/FERIA-ARTESANAL-DE-LANA-3.jpeg 800w\" sizes=\"(max-width: 300px) 100vw, 300px\" \/><\/a>\n<div class=\"pt-cv-carousel-caption pt-cv-cap-w-img\"><h4 class=\"pt-cv-title\"><a href=\"https:\/\/publimar.mx\/index.php\/2024\/07\/27\/invitan-a-la-expo-feria-artesanal-del-tapete-de-lana-en-la-real-alhondiga-de-antequera\/\" class=\"_self\" target=\"_self\" >Invitan a la Expo Feria Artesanal del Tapete de Lana, en la Real Alh\u00f3ndiga de Antequera<\/a><\/h4>\n<div class=\"pt-cv-content\">\u00b7 Un total de 22 artesanas y artesanos de los Valles Centrales muestran su trabajo y proceso de elaboraci\u00f3n de ...<br \/><a href=\"https:\/\/publimar.mx\/index.php\/2024\/07\/27\/invitan-a-la-expo-feria-artesanal-del-tapete-de-lana-en-la-real-alhondiga-de-antequera\/\" class=\"_self pt-cv-readmore btn btn-success\" target=\"_self\">Leer M\u00e1s<\/a><\/div><\/div><\/div><\/div><\/div>\n<div class=\"item\"><div class=\"row\"><div class=\"col-md-12 pt-cv-content-item pt-cv-1-col\" ><a href=\"https:\/\/publimar.mx\/index.php\/2024\/07\/27\/inicia-la-edicion-lxxv-de-la-clasica-ciclista-lunes-del-cerro-2024\/\" class=\"_self pt-cv-href-thumbnail pt-cv-thumb-default\" target=\"_self\" ><img width=\"300\" height=\"200\" src=\"https:\/\/publimar.mx\/wp-content\/uploads\/2024\/07\/Inicia-la-primera-etapa-de-la-LXXV-Clasica-Ciclista-Lunes-del-Cerro-2024-2-300x200.jpg\" class=\"pt-cv-thumbnail\" alt=\"\" loading=\"lazy\" srcset=\"https:\/\/publimar.mx\/wp-content\/uploads\/2024\/07\/Inicia-la-primera-etapa-de-la-LXXV-Clasica-Ciclista-Lunes-del-Cerro-2024-2-300x200.jpg 300w, https:\/\/publimar.mx\/wp-content\/uploads\/2024\/07\/Inicia-la-primera-etapa-de-la-LXXV-Clasica-Ciclista-Lunes-del-Cerro-2024-2-768x511.jpg 768w, https:\/\/publimar.mx\/wp-content\/uploads\/2024\/07\/Inicia-la-primera-etapa-de-la-LXXV-Clasica-Ciclista-Lunes-del-Cerro-2024-2.jpg 900w\" sizes=\"(max-width: 300px) 100vw, 300px\" \/><\/a>\n<div class=\"pt-cv-carousel-caption pt-cv-cap-w-img\"><h4 class=\"pt-cv-title\"><a href=\"https:\/\/publimar.mx\/index.php\/2024\/07\/27\/inicia-la-edicion-lxxv-de-la-clasica-ciclista-lunes-del-cerro-2024\/\" class=\"_self\" target=\"_self\" >Inicia la edici\u00f3n LXXV de la Cl\u00e1sica Ciclista Lunes del Cerro 2024<\/a><\/h4>\n<div class=\"pt-cv-content\">\u00b7 Se realiz\u00f3 la primera de tres etapas de esta actividad que tiene una bolsa de premiaci\u00f3n de 80 mil ...<br \/><a href=\"https:\/\/publimar.mx\/index.php\/2024\/07\/27\/inicia-la-edicion-lxxv-de-la-clasica-ciclista-lunes-del-cerro-2024\/\" class=\"_self pt-cv-readmore btn btn-success\" target=\"_self\">Leer M\u00e1s<\/a><\/div><\/div><\/div><\/div><\/div>\n<div class=\"item\"><div class=\"row\"><div class=\"col-md-12 pt-cv-content-item pt-cv-1-col\" ><a href=\"https:\/\/publimar.mx\/index.php\/2024\/07\/17\/oaxaca-invitada-de-honor-del-festival-internacional-cervantino\/\" class=\"_self pt-cv-href-thumbnail pt-cv-thumb-default\" target=\"_self\" ><img width=\"300\" height=\"225\" src=\"https:\/\/publimar.mx\/wp-content\/uploads\/2024\/07\/GOBERNADOR-FESTIVAL-CERVANTINOS-1-300x225.jpeg\" class=\"pt-cv-thumbnail\" alt=\"\" loading=\"lazy\" srcset=\"https:\/\/publimar.mx\/wp-content\/uploads\/2024\/07\/GOBERNADOR-FESTIVAL-CERVANTINOS-1-300x225.jpeg 300w, https:\/\/publimar.mx\/wp-content\/uploads\/2024\/07\/GOBERNADOR-FESTIVAL-CERVANTINOS-1-768x576.jpeg 768w, https:\/\/publimar.mx\/wp-content\/uploads\/2024\/07\/GOBERNADOR-FESTIVAL-CERVANTINOS-1.jpeg 800w\" sizes=\"(max-width: 300px) 100vw, 300px\" \/><\/a>\n<div class=\"pt-cv-carousel-caption pt-cv-cap-w-img\"><h4 class=\"pt-cv-title\"><a href=\"https:\/\/publimar.mx\/index.php\/2024\/07\/17\/oaxaca-invitada-de-honor-del-festival-internacional-cervantino\/\" class=\"_self\" target=\"_self\" >Oaxaca, invitada de honor del Festival Internacional Cervantino<\/a><\/h4>\n<div class=\"pt-cv-content\">\u00b7 La edici\u00f3n 52 de este evento se efectuar\u00e1 del 11 al 27 de octubre en Guanajuato \u00b7 El Gobierno ...<br \/><a href=\"https:\/\/publimar.mx\/index.php\/2024\/07\/17\/oaxaca-invitada-de-honor-del-festival-internacional-cervantino\/\" class=\"_self pt-cv-readmore btn btn-success\" target=\"_self\">Leer M\u00e1s<\/a><\/div><\/div><\/div><\/div><\/div>\n<div class=\"item\"><div class=\"row\"><div class=\"col-md-12 pt-cv-content-item pt-cv-1-col\" ><a href=\"https:\/\/publimar.mx\/index.php\/2024\/03\/07\/zipolite-historia-tradicion-y-nudismo-en-la-costa-de-oaxaca\/\" class=\"_self pt-cv-href-thumbnail pt-cv-thumb-default\" target=\"_self\" ><img width=\"300\" height=\"212\" src=\"https:\/\/publimar.mx\/wp-content\/uploads\/2024\/03\/Zipolite-Historia-tradicion-y-nudismo-en-la-Costa-de-Oaxaca-2-300x212.png\" class=\"pt-cv-thumbnail\" alt=\"\" loading=\"lazy\" srcset=\"https:\/\/publimar.mx\/wp-content\/uploads\/2024\/03\/Zipolite-Historia-tradicion-y-nudismo-en-la-Costa-de-Oaxaca-2-300x212.png 300w, https:\/\/publimar.mx\/wp-content\/uploads\/2024\/03\/Zipolite-Historia-tradicion-y-nudismo-en-la-Costa-de-Oaxaca-2.png 690w\" sizes=\"(max-width: 300px) 100vw, 300px\" \/><\/a>\n<div class=\"pt-cv-carousel-caption pt-cv-cap-w-img\"><h4 class=\"pt-cv-title\"><a href=\"https:\/\/publimar.mx\/index.php\/2024\/03\/07\/zipolite-historia-tradicion-y-nudismo-en-la-costa-de-oaxaca\/\" class=\"_self\" target=\"_self\" >Zipolite: Historia, tradici\u00f3n y nudismo en la Costa de Oaxaca<\/a><\/h4>\n<div class=\"pt-cv-content\">Su historia se remota a la \u00e9poca prehisp\u00e1nica, ahora se ha convertido en una de las playas m\u00e1s demandadas por ...<br \/><a href=\"https:\/\/publimar.mx\/index.php\/2024\/03\/07\/zipolite-historia-tradicion-y-nudismo-en-la-costa-de-oaxaca\/\" class=\"_self pt-cv-readmore btn btn-success\" target=\"_self\">Leer M\u00e1s<\/a><\/div><\/div><\/div><\/div><\/div>\n<div class=\"item\"><div class=\"row\"><div class=\"col-md-12 pt-cv-content-item pt-cv-1-col\" ><a href=\"https:\/\/publimar.mx\/index.php\/2024\/03\/04\/monte-alban-tesoro-milenario-de-mexico\/\" class=\"_self pt-cv-href-thumbnail pt-cv-thumb-default\" target=\"_self\" ><img width=\"300\" height=\"200\" src=\"https:\/\/publimar.mx\/wp-content\/uploads\/2024\/03\/El-increible-Monte-Alban-300x200.jpg\" class=\"pt-cv-thumbnail\" alt=\"\" loading=\"lazy\" srcset=\"https:\/\/publimar.mx\/wp-content\/uploads\/2024\/03\/El-increible-Monte-Alban-300x200.jpg 300w, https:\/\/publimar.mx\/wp-content\/uploads\/2024\/03\/El-increible-Monte-Alban-1024x683.jpg 1024w, https:\/\/publimar.mx\/wp-content\/uploads\/2024\/03\/El-increible-Monte-Alban-768x512.jpg 768w, https:\/\/publimar.mx\/wp-content\/uploads\/2024\/03\/El-increible-Monte-Alban-1536x1024.jpg 1536w, https:\/\/publimar.mx\/wp-content\/uploads\/2024\/03\/El-increible-Monte-Alban.jpg 2048w\" sizes=\"(max-width: 300px) 100vw, 300px\" \/><\/a>\n<div class=\"pt-cv-carousel-caption pt-cv-cap-w-img\"><h4 class=\"pt-cv-title\"><a href=\"https:\/\/publimar.mx\/index.php\/2024\/03\/04\/monte-alban-tesoro-milenario-de-mexico\/\" class=\"_self\" target=\"_self\" >Monte Alb\u00e1n, tesoro milenario de M\u00e9xico<\/a><\/h4>\n<div class=\"pt-cv-content\">Por: Lucio Gopar. Fotos: Omar Maya Calvo. Monte Alb\u00e1n la maravilla arqueol\u00f3gica de Oaxaca, nos da la oportunidad de explorar ...<br \/><a href=\"https:\/\/publimar.mx\/index.php\/2024\/03\/04\/monte-alban-tesoro-milenario-de-mexico\/\" class=\"_self pt-cv-readmore btn btn-success\" target=\"_self\">Leer M\u00e1s<\/a><\/div><\/div><\/div><\/div><\/div>\n<div class=\"item\"><div class=\"row\"><div class=\"col-md-12 pt-cv-content-item pt-cv-1-col\" ><a href=\"https:\/\/publimar.mx\/index.php\/2024\/01\/08\/valle-nacional-con-belleza-e-historia\/\" class=\"_self pt-cv-href-thumbnail pt-cv-thumb-default\" target=\"_self\" ><img width=\"300\" height=\"300\" src=\"https:\/\/publimar.mx\/wp-content\/uploads\/2024\/01\/Es-una-belleza-Valle-Nacional-Oaxaca-en-la-region-de-Tuxtepec-300x300.jpg\" class=\"pt-cv-thumbnail\" alt=\"\" loading=\"lazy\" srcset=\"https:\/\/publimar.mx\/wp-content\/uploads\/2024\/01\/Es-una-belleza-Valle-Nacional-Oaxaca-en-la-region-de-Tuxtepec-300x300.jpg 300w, https:\/\/publimar.mx\/wp-content\/uploads\/2024\/01\/Es-una-belleza-Valle-Nacional-Oaxaca-en-la-region-de-Tuxtepec-150x150.jpg 150w, https:\/\/publimar.mx\/wp-content\/uploads\/2024\/01\/Es-una-belleza-Valle-Nacional-Oaxaca-en-la-region-de-Tuxtepec-768x768.jpg 768w, https:\/\/publimar.mx\/wp-content\/uploads\/2024\/01\/Es-una-belleza-Valle-Nacional-Oaxaca-en-la-region-de-Tuxtepec.jpg 960w\" sizes=\"(max-width: 300px) 100vw, 300px\" \/><\/a>\n<div class=\"pt-cv-carousel-caption pt-cv-cap-w-img\"><h4 class=\"pt-cv-title\"><a href=\"https:\/\/publimar.mx\/index.php\/2024\/01\/08\/valle-nacional-con-belleza-e-historia\/\" class=\"_self\" target=\"_self\" >Valle Nacional, con belleza e historia<\/a><\/h4>\n<div class=\"pt-cv-content\">Con el paso del tiempo se ha convertido en un punto de inter\u00e9s para el turismo. En su pasado tuvo ...<br \/><a href=\"https:\/\/publimar.mx\/index.php\/2024\/01\/08\/valle-nacional-con-belleza-e-historia\/\" class=\"_self pt-cv-readmore btn btn-success\" target=\"_self\">Leer M\u00e1s<\/a><\/div><\/div><\/div><\/div><\/div>\n<div class=\"item\"><div class=\"row\"><div class=\"col-md-12 pt-cv-content-item pt-cv-1-col\" ><a href=\"https:\/\/publimar.mx\/index.php\/2023\/12\/15\/oaxaca-cuenta-con-playas-limpias-para-el-periodo-de-invierno-2023-sso\/\" class=\"_self pt-cv-href-thumbnail pt-cv-thumb-default\" target=\"_self\" ><img width=\"300\" height=\"300\" src=\"https:\/\/publimar.mx\/wp-content\/uploads\/2023\/12\/Oaxaca-cuenta-con-playas-limpias-para-el-periodo-de-invierno-2023-SSO-1-300x300.jpeg\" class=\"pt-cv-thumbnail\" alt=\"\" loading=\"lazy\" srcset=\"https:\/\/publimar.mx\/wp-content\/uploads\/2023\/12\/Oaxaca-cuenta-con-playas-limpias-para-el-periodo-de-invierno-2023-SSO-1-300x300.jpeg 300w, https:\/\/publimar.mx\/wp-content\/uploads\/2023\/12\/Oaxaca-cuenta-con-playas-limpias-para-el-periodo-de-invierno-2023-SSO-1-1024x1024.jpeg 1024w, https:\/\/publimar.mx\/wp-content\/uploads\/2023\/12\/Oaxaca-cuenta-con-playas-limpias-para-el-periodo-de-invierno-2023-SSO-1-150x150.jpeg 150w, https:\/\/publimar.mx\/wp-content\/uploads\/2023\/12\/Oaxaca-cuenta-con-playas-limpias-para-el-periodo-de-invierno-2023-SSO-1-768x768.jpeg 768w, https:\/\/publimar.mx\/wp-content\/uploads\/2023\/12\/Oaxaca-cuenta-con-playas-limpias-para-el-periodo-de-invierno-2023-SSO-1-1536x1536.jpeg 1536w, https:\/\/publimar.mx\/wp-content\/uploads\/2023\/12\/Oaxaca-cuenta-con-playas-limpias-para-el-periodo-de-invierno-2023-SSO-1.jpeg 1600w\" sizes=\"(max-width: 300px) 100vw, 300px\" \/><\/a>\n<div class=\"pt-cv-carousel-caption pt-cv-cap-w-img\"><h4 class=\"pt-cv-title\"><a href=\"https:\/\/publimar.mx\/index.php\/2023\/12\/15\/oaxaca-cuenta-con-playas-limpias-para-el-periodo-de-invierno-2023-sso\/\" class=\"_self\" target=\"_self\" >Oaxaca cuenta con playas limpias para el per\u00edodo de invierno 2023: SSO<\/a><\/h4>\n<div class=\"pt-cv-content\">Las 17 playas ubicadas en Puerto Escondido, Huatulco y Puerto \u00c1ngel se encuentran aptas para uso recreativo de acuerdo con ...<br \/><a href=\"https:\/\/publimar.mx\/index.php\/2023\/12\/15\/oaxaca-cuenta-con-playas-limpias-para-el-periodo-de-invierno-2023-sso\/\" class=\"_self pt-cv-readmore btn btn-success\" target=\"_self\">Leer M\u00e1s<\/a><\/div><\/div><\/div><\/div><\/div>\n<div class=\"item\"><div class=\"row\"><div class=\"col-md-12 pt-cv-content-item pt-cv-1-col\" ><a href=\"https:\/\/publimar.mx\/index.php\/2023\/11\/13\/los-pueblos-del-mezcal-en-oaxaca\/\" class=\"_self pt-cv-href-thumbnail pt-cv-thumb-default\" target=\"_self\" ><img width=\"300\" height=\"203\" src=\"https:\/\/publimar.mx\/wp-content\/uploads\/2023\/11\/Disfrutando-del-Paseo-por-los-Pueblos-del-Mezcal-en-los-Valles-Centrales-de-Oaxaca-300x203.jpg\" class=\"pt-cv-thumbnail\" alt=\"\" loading=\"lazy\" srcset=\"https:\/\/publimar.mx\/wp-content\/uploads\/2023\/11\/Disfrutando-del-Paseo-por-los-Pueblos-del-Mezcal-en-los-Valles-Centrales-de-Oaxaca-300x203.jpg 300w, https:\/\/publimar.mx\/wp-content\/uploads\/2023\/11\/Disfrutando-del-Paseo-por-los-Pueblos-del-Mezcal-en-los-Valles-Centrales-de-Oaxaca-1024x692.jpg 1024w, https:\/\/publimar.mx\/wp-content\/uploads\/2023\/11\/Disfrutando-del-Paseo-por-los-Pueblos-del-Mezcal-en-los-Valles-Centrales-de-Oaxaca-768x519.jpg 768w, https:\/\/publimar.mx\/wp-content\/uploads\/2023\/11\/Disfrutando-del-Paseo-por-los-Pueblos-del-Mezcal-en-los-Valles-Centrales-de-Oaxaca.jpg 1188w\" sizes=\"(max-width: 300px) 100vw, 300px\" \/><\/a>\n<div class=\"pt-cv-carousel-caption pt-cv-cap-w-img\"><h4 class=\"pt-cv-title\"><a href=\"https:\/\/publimar.mx\/index.php\/2023\/11\/13\/los-pueblos-del-mezcal-en-oaxaca\/\" class=\"_self\" target=\"_self\" >Los Pueblos del Mezcal en Oaxaca<\/a><\/h4>\n<div class=\"pt-cv-content\">Conoce los lugares de los Valles Centrales, donde se encuentran los or\u00edgenes del mejor mezcal del mundo. Lucio Gopar Oaxaca ...<br \/><a href=\"https:\/\/publimar.mx\/index.php\/2023\/11\/13\/los-pueblos-del-mezcal-en-oaxaca\/\" class=\"_self pt-cv-readmore btn btn-success\" target=\"_self\">Leer M\u00e1s<\/a><\/div><\/div><\/div><\/div><\/div>\n<div class=\"item\"><div class=\"row\"><div class=\"col-md-12 pt-cv-content-item pt-cv-1-col\" ><a href=\"https:\/\/publimar.mx\/index.php\/2023\/08\/07\/con-primera-feria-de-la-tortilla-de-trigo-promueven-oportunidad-de-desarrollo-economico-para-mujeres\/\" class=\"_self pt-cv-href-thumbnail pt-cv-thumb-default\" target=\"_self\" ><img width=\"169\" height=\"300\" src=\"https:\/\/publimar.mx\/wp-content\/uploads\/2023\/08\/FOTO-3-PRIMERA-FERIA-DE-LA-TORTILLA-169x300.jpeg\" class=\"pt-cv-thumbnail\" alt=\"\" loading=\"lazy\" srcset=\"https:\/\/publimar.mx\/wp-content\/uploads\/2023\/08\/FOTO-3-PRIMERA-FERIA-DE-LA-TORTILLA-169x300.jpeg 169w, https:\/\/publimar.mx\/wp-content\/uploads\/2023\/08\/FOTO-3-PRIMERA-FERIA-DE-LA-TORTILLA-576x1024.jpeg 576w, https:\/\/publimar.mx\/wp-content\/uploads\/2023\/08\/FOTO-3-PRIMERA-FERIA-DE-LA-TORTILLA-768x1365.jpeg 768w, https:\/\/publimar.mx\/wp-content\/uploads\/2023\/08\/FOTO-3-PRIMERA-FERIA-DE-LA-TORTILLA-864x1536.jpeg 864w, https:\/\/publimar.mx\/wp-content\/uploads\/2023\/08\/FOTO-3-PRIMERA-FERIA-DE-LA-TORTILLA.jpeg 900w\" sizes=\"(max-width: 169px) 100vw, 169px\" \/><\/a>\n<div class=\"pt-cv-carousel-caption pt-cv-cap-w-img\"><h4 class=\"pt-cv-title\"><a href=\"https:\/\/publimar.mx\/index.php\/2023\/08\/07\/con-primera-feria-de-la-tortilla-de-trigo-promueven-oportunidad-de-desarrollo-economico-para-mujeres\/\" class=\"_self\" target=\"_self\" >Con Primera Feria de la Tortilla de Trigo promueven oportunidad de desarrollo econ\u00f3mico para mujeres<\/a><\/h4>\n<div class=\"pt-cv-content\">Esta actividad se llev\u00f3 a cabo en San Pedro Tida\u00e1 en el marco de la festividad anual del Se\u00f1or de ...<br \/><a href=\"https:\/\/publimar.mx\/index.php\/2023\/08\/07\/con-primera-feria-de-la-tortilla-de-trigo-promueven-oportunidad-de-desarrollo-economico-para-mujeres\/\" class=\"_self pt-cv-readmore btn btn-success\" target=\"_self\">Leer M\u00e1s<\/a><\/div><\/div><\/div><\/div><\/div><\/div>\n<a class=\"left carousel-control\" data-target=\"#0e975450mb\" data-cvslide=\"prev\">\r\n\t\t\t\t\t\t<span class=\"glyphicon glyphicon-chevron-left\"><\/span>\r\n\t\t\t\t\t<\/a>\r\n\t\t\t\t\t<a class=\"right carousel-control\" data-target=\"#0e975450mb\" data-cvslide=\"next\">\r\n\t\t\t\t\t\t<span class=\"glyphicon glyphicon-chevron-right\"><\/span>\r\n\t\t\t\t\t<\/a><\/div><\/div><\/div><\/div>\n\n\n\n<div class=\"pt-cv-wrapper\"><div class=\"pt-cv-view pt-cv-scrollable pt-cv-colsys\" id=\"pt-cv-view-b1116cexo4\"><div data-id=\"pt-cv-page-1\" class=\"pt-cv-page\" data-cvc=\"1\"><div id=\"ade25944i9\" class=\"pt-cv-carousel pt-cv-slide\" data-ride=\"cvcarousel\" data-interval=false><ol class=\"pt-cv-carousel-indicators\"><li data-target=\"#ade25944i9\" data-cvslide-to=\"0\" class=\"active\"><\/li>\n<li data-target=\"#ade25944i9\" data-cvslide-to=\"1\" class=\"\"><\/li>\n<li data-target=\"#ade25944i9\" data-cvslide-to=\"2\" class=\"\"><\/li>\n<li data-target=\"#ade25944i9\" data-cvslide-to=\"3\" class=\"\"><\/li>\n<li data-target=\"#ade25944i9\" data-cvslide-to=\"4\" class=\"\"><\/li>\n<li data-target=\"#ade25944i9\" data-cvslide-to=\"5\" class=\"\"><\/li>\n<li data-target=\"#ade25944i9\" data-cvslide-to=\"6\" class=\"\"><\/li>\n<li data-target=\"#ade25944i9\" data-cvslide-to=\"7\" class=\"\"><\/li>\n<li data-target=\"#ade25944i9\" data-cvslide-to=\"8\" class=\"\"><\/li>\n<li data-target=\"#ade25944i9\" data-cvslide-to=\"9\" class=\"\"><\/li><\/ol>\n<div class=\"carousel-inner\"><div class=\"item active\"><div class=\"row\"><div class=\"col-md-12 pt-cv-content-item pt-cv-1-col\" ><a href=\"https:\/\/publimar.mx\/index.php\/2025\/09\/14\/publimar-1027\/\" class=\"_self pt-cv-href-thumbnail pt-cv-thumb-default\" target=\"_self\" ><img width=\"300\" height=\"200\" src=\"https:\/\/publimar.mx\/wp-content\/uploads\/2025\/09\/SECTUR-2-6-300x200.jpg\" class=\"pt-cv-thumbnail\" alt=\"\" loading=\"lazy\" srcset=\"https:\/\/publimar.mx\/wp-content\/uploads\/2025\/09\/SECTUR-2-6-300x200.jpg 300w, https:\/\/publimar.mx\/wp-content\/uploads\/2025\/09\/SECTUR-2-6-768x512.jpg 768w, https:\/\/publimar.mx\/wp-content\/uploads\/2025\/09\/SECTUR-2-6.jpg 800w\" sizes=\"(max-width: 300px) 100vw, 300px\" \/><\/a>\n<div class=\"pt-cv-carousel-caption pt-cv-cap-w-img\"><h4 class=\"pt-cv-title\"><a href=\"https:\/\/publimar.mx\/index.php\/2025\/09\/14\/publimar-1027\/\" class=\"_self\" target=\"_self\" >D\u00e9cimo aniversario de San Pablo Villa de Mitla como Pueblo M\u00e1gico<\/a><\/h4>\n<div class=\"pt-cv-content\">La Secretar\u00eda de Turismo de Oaxaca (Sectur) y autoridades municipales de San Pablo Villa de Mitla anunciaron las actividades conmemorativas ...<br \/><a href=\"https:\/\/publimar.mx\/index.php\/2025\/09\/14\/publimar-1027\/\" class=\"_self pt-cv-readmore btn btn-success\" target=\"_self\">Leer M\u00e1s<\/a><\/div><\/div><\/div><\/div><\/div>\n<div class=\"item\"><div class=\"row\"><div class=\"col-md-12 pt-cv-content-item pt-cv-1-col\" ><a href=\"https:\/\/publimar.mx\/index.php\/2024\/08\/02\/anuncian-la-convencion-del-cafe-oaxaqueno-2024\/\" class=\"_self pt-cv-href-thumbnail pt-cv-thumb-default\" target=\"_self\" ><img width=\"300\" height=\"200\" src=\"https:\/\/publimar.mx\/wp-content\/uploads\/2024\/08\/86fa8d83-d950-4215-bf41-bd2df1b3cdf7-300x200.jpeg\" class=\"pt-cv-thumbnail\" alt=\"\" loading=\"lazy\" srcset=\"https:\/\/publimar.mx\/wp-content\/uploads\/2024\/08\/86fa8d83-d950-4215-bf41-bd2df1b3cdf7-300x200.jpeg 300w, https:\/\/publimar.mx\/wp-content\/uploads\/2024\/08\/86fa8d83-d950-4215-bf41-bd2df1b3cdf7-1024x683.jpeg 1024w, https:\/\/publimar.mx\/wp-content\/uploads\/2024\/08\/86fa8d83-d950-4215-bf41-bd2df1b3cdf7-768x512.jpeg 768w, https:\/\/publimar.mx\/wp-content\/uploads\/2024\/08\/86fa8d83-d950-4215-bf41-bd2df1b3cdf7-1536x1024.jpeg 1536w, https:\/\/publimar.mx\/wp-content\/uploads\/2024\/08\/86fa8d83-d950-4215-bf41-bd2df1b3cdf7.jpeg 1599w\" sizes=\"(max-width: 300px) 100vw, 300px\" \/><\/a>\n<div class=\"pt-cv-carousel-caption pt-cv-cap-w-img\"><h4 class=\"pt-cv-title\"><a href=\"https:\/\/publimar.mx\/index.php\/2024\/08\/02\/anuncian-la-convencion-del-cafe-oaxaqueno-2024\/\" class=\"_self\" target=\"_self\" >Anuncian la Convenci\u00f3n del Caf\u00e9 Oaxaque\u00f1o 2024<\/a><\/h4>\n<div class=\"pt-cv-content\">Ciudad de M\u00e9xico, 2 de agosto de 2024.-La Secretar\u00eda de Agricultura y Desarrollo Rural y la Secretar\u00eda de Fomento Agroalimentario ...<br \/><a href=\"https:\/\/publimar.mx\/index.php\/2024\/08\/02\/anuncian-la-convencion-del-cafe-oaxaqueno-2024\/\" class=\"_self pt-cv-readmore btn btn-success\" target=\"_self\">Leer M\u00e1s<\/a><\/div><\/div><\/div><\/div><\/div>\n<div class=\"item\"><div class=\"row\"><div class=\"col-md-12 pt-cv-content-item pt-cv-1-col\" ><a href=\"https:\/\/publimar.mx\/index.php\/2024\/07\/31\/mas-de-44-mil-personas-disfrutaron-de-los-lunes-del-cerro\/\" class=\"_self pt-cv-href-thumbnail pt-cv-thumb-default\" target=\"_self\" ><img width=\"300\" height=\"200\" src=\"https:\/\/publimar.mx\/wp-content\/uploads\/2024\/07\/thumbnail_FOTO-1-La-Guelaguetza-maravillo-los-ojos-de-todo-el-mundo-Salomon-Jara-300x200.jpg\" class=\"pt-cv-thumbnail\" alt=\"\" loading=\"lazy\" srcset=\"https:\/\/publimar.mx\/wp-content\/uploads\/2024\/07\/thumbnail_FOTO-1-La-Guelaguetza-maravillo-los-ojos-de-todo-el-mundo-Salomon-Jara-300x200.jpg 300w, https:\/\/publimar.mx\/wp-content\/uploads\/2024\/07\/thumbnail_FOTO-1-La-Guelaguetza-maravillo-los-ojos-de-todo-el-mundo-Salomon-Jara-1024x683.jpg 1024w, https:\/\/publimar.mx\/wp-content\/uploads\/2024\/07\/thumbnail_FOTO-1-La-Guelaguetza-maravillo-los-ojos-de-todo-el-mundo-Salomon-Jara-768x512.jpg 768w, https:\/\/publimar.mx\/wp-content\/uploads\/2024\/07\/thumbnail_FOTO-1-La-Guelaguetza-maravillo-los-ojos-de-todo-el-mundo-Salomon-Jara-1536x1024.jpg 1536w, https:\/\/publimar.mx\/wp-content\/uploads\/2024\/07\/thumbnail_FOTO-1-La-Guelaguetza-maravillo-los-ojos-de-todo-el-mundo-Salomon-Jara.jpg 1620w\" sizes=\"(max-width: 300px) 100vw, 300px\" \/><\/a>\n<div class=\"pt-cv-carousel-caption pt-cv-cap-w-img\"><h4 class=\"pt-cv-title\"><a href=\"https:\/\/publimar.mx\/index.php\/2024\/07\/31\/mas-de-44-mil-personas-disfrutaron-de-los-lunes-del-cerro\/\" class=\"_self\" target=\"_self\" >M\u00e1s de 44 mil personas disfrutaron de los Lunes del Cerro<\/a><\/h4>\n<div class=\"pt-cv-content\">en la Guelaguetza 2024 \u00b7 Ferias como la del Mezcal ha dejado una derrama superior a 23 millones de pesos ...<br \/><a href=\"https:\/\/publimar.mx\/index.php\/2024\/07\/31\/mas-de-44-mil-personas-disfrutaron-de-los-lunes-del-cerro\/\" class=\"_self pt-cv-readmore btn btn-success\" target=\"_self\">Leer M\u00e1s<\/a><\/div><\/div><\/div><\/div><\/div>\n<div class=\"item\"><div class=\"row\"><div class=\"col-md-12 pt-cv-content-item pt-cv-1-col\" ><a href=\"https:\/\/publimar.mx\/index.php\/2024\/07\/27\/rutas-guelaguetza-en-beneficio-de-mas-de-33-mil-personas-usuarias\/\" class=\"_self pt-cv-href-thumbnail pt-cv-thumb-default\" target=\"_self\" ><img width=\"300\" height=\"200\" src=\"https:\/\/publimar.mx\/wp-content\/uploads\/2024\/07\/WhatsApp-Image-2024-07-26-at-6.26.34-PM-300x200.jpeg\" class=\"pt-cv-thumbnail\" alt=\"\" loading=\"lazy\" srcset=\"https:\/\/publimar.mx\/wp-content\/uploads\/2024\/07\/WhatsApp-Image-2024-07-26-at-6.26.34-PM-300x200.jpeg 300w, https:\/\/publimar.mx\/wp-content\/uploads\/2024\/07\/WhatsApp-Image-2024-07-26-at-6.26.34-PM-1024x681.jpeg 1024w, https:\/\/publimar.mx\/wp-content\/uploads\/2024\/07\/WhatsApp-Image-2024-07-26-at-6.26.34-PM-768x511.jpeg 768w, https:\/\/publimar.mx\/wp-content\/uploads\/2024\/07\/WhatsApp-Image-2024-07-26-at-6.26.34-PM-1536x1021.jpeg 1536w, https:\/\/publimar.mx\/wp-content\/uploads\/2024\/07\/WhatsApp-Image-2024-07-26-at-6.26.34-PM.jpeg 1600w\" sizes=\"(max-width: 300px) 100vw, 300px\" \/><\/a>\n<div class=\"pt-cv-carousel-caption pt-cv-cap-w-img\"><h4 class=\"pt-cv-title\"><a href=\"https:\/\/publimar.mx\/index.php\/2024\/07\/27\/rutas-guelaguetza-en-beneficio-de-mas-de-33-mil-personas-usuarias\/\" class=\"_self\" target=\"_self\" >Rutas Guelaguetza en beneficio de m\u00e1s de 33 mil personas usuarias<\/a><\/h4>\n<div class=\"pt-cv-content\">\u2022 La Semovi y Citybus coordinan acciones para garantizar un traslado seguro y gratuito a la poblaci\u00f3n oaxaque\u00f1a y turismo ...<br \/><a href=\"https:\/\/publimar.mx\/index.php\/2024\/07\/27\/rutas-guelaguetza-en-beneficio-de-mas-de-33-mil-personas-usuarias\/\" class=\"_self pt-cv-readmore btn btn-success\" target=\"_self\">Leer M\u00e1s<\/a><\/div><\/div><\/div><\/div><\/div>\n<div class=\"item\"><div class=\"row\"><div class=\"col-md-12 pt-cv-content-item pt-cv-1-col\" ><a href=\"https:\/\/publimar.mx\/index.php\/2024\/07\/26\/inauguran-noveno-torneo-de-golbol-lunes-del-cerro-2024\/\" class=\"_self pt-cv-href-thumbnail pt-cv-thumb-default\" target=\"_self\" ><img width=\"300\" height=\"200\" src=\"https:\/\/publimar.mx\/wp-content\/uploads\/2024\/07\/7aa012f0-2b11-4e32-8591-4bb3bb0fd541-300x200.jpeg\" class=\"pt-cv-thumbnail\" alt=\"\" loading=\"lazy\" srcset=\"https:\/\/publimar.mx\/wp-content\/uploads\/2024\/07\/7aa012f0-2b11-4e32-8591-4bb3bb0fd541-300x200.jpeg 300w, https:\/\/publimar.mx\/wp-content\/uploads\/2024\/07\/7aa012f0-2b11-4e32-8591-4bb3bb0fd541-1024x682.jpeg 1024w, https:\/\/publimar.mx\/wp-content\/uploads\/2024\/07\/7aa012f0-2b11-4e32-8591-4bb3bb0fd541-768x512.jpeg 768w, https:\/\/publimar.mx\/wp-content\/uploads\/2024\/07\/7aa012f0-2b11-4e32-8591-4bb3bb0fd541-1536x1023.jpeg 1536w, https:\/\/publimar.mx\/wp-content\/uploads\/2024\/07\/7aa012f0-2b11-4e32-8591-4bb3bb0fd541.jpeg 1600w\" sizes=\"(max-width: 300px) 100vw, 300px\" \/><\/a>\n<div class=\"pt-cv-carousel-caption pt-cv-cap-w-img\"><h4 class=\"pt-cv-title\"><a href=\"https:\/\/publimar.mx\/index.php\/2024\/07\/26\/inauguran-noveno-torneo-de-golbol-lunes-del-cerro-2024\/\" class=\"_self\" target=\"_self\" >Inauguran noveno Torneo de Golbol Lunes del Cerro 2024<\/a><\/h4>\n<div class=\"pt-cv-content\">\u2022 Participan 18 equipos de siete estados de M\u00e9xico y El Salvador\u2022 El encuentro se realiza este 25 y 26 ...<br \/><a href=\"https:\/\/publimar.mx\/index.php\/2024\/07\/26\/inauguran-noveno-torneo-de-golbol-lunes-del-cerro-2024\/\" class=\"_self pt-cv-readmore btn btn-success\" target=\"_self\">Leer M\u00e1s<\/a><\/div><\/div><\/div><\/div><\/div>\n<div class=\"item\"><div class=\"row\"><div class=\"col-md-12 pt-cv-content-item pt-cv-1-col\" ><a href=\"https:\/\/publimar.mx\/index.php\/2024\/07\/25\/inicia-tercer-taller-de-ceramica-con-ninas-y-ninos-para-muro-del-parque-primavera-oaxaquena\/\" class=\"_self pt-cv-href-thumbnail pt-cv-thumb-default\" target=\"_self\" ><img width=\"300\" height=\"200\" src=\"https:\/\/publimar.mx\/wp-content\/uploads\/2024\/07\/6b3b10c1-0dc4-473f-b69e-42a408f55fd8-300x200.jpeg\" class=\"pt-cv-thumbnail\" alt=\"\" loading=\"lazy\" srcset=\"https:\/\/publimar.mx\/wp-content\/uploads\/2024\/07\/6b3b10c1-0dc4-473f-b69e-42a408f55fd8-300x200.jpeg 300w, https:\/\/publimar.mx\/wp-content\/uploads\/2024\/07\/6b3b10c1-0dc4-473f-b69e-42a408f55fd8-1024x682.jpeg 1024w, https:\/\/publimar.mx\/wp-content\/uploads\/2024\/07\/6b3b10c1-0dc4-473f-b69e-42a408f55fd8-768x512.jpeg 768w, https:\/\/publimar.mx\/wp-content\/uploads\/2024\/07\/6b3b10c1-0dc4-473f-b69e-42a408f55fd8-1536x1023.jpeg 1536w, https:\/\/publimar.mx\/wp-content\/uploads\/2024\/07\/6b3b10c1-0dc4-473f-b69e-42a408f55fd8.jpeg 1600w\" sizes=\"(max-width: 300px) 100vw, 300px\" \/><\/a>\n<div class=\"pt-cv-carousel-caption pt-cv-cap-w-img\"><h4 class=\"pt-cv-title\"><a href=\"https:\/\/publimar.mx\/index.php\/2024\/07\/25\/inicia-tercer-taller-de-ceramica-con-ninas-y-ninos-para-muro-del-parque-primavera-oaxaquena\/\" class=\"_self\" target=\"_self\" >Inicia tercer taller de cer\u00e1mica con ni\u00f1as y ni\u00f1os para muro del Parque Primavera Oaxaque\u00f1a<\/a><\/h4>\n<div class=\"pt-cv-content\">\u2022 M\u00e1s de mil infancias colaboran en la decoraci\u00f3n de este espacio, se promueve la convivencia sana y la cultura ...<br \/><a href=\"https:\/\/publimar.mx\/index.php\/2024\/07\/25\/inicia-tercer-taller-de-ceramica-con-ninas-y-ninos-para-muro-del-parque-primavera-oaxaquena\/\" class=\"_self pt-cv-readmore btn btn-success\" target=\"_self\">Leer M\u00e1s<\/a><\/div><\/div><\/div><\/div><\/div>\n<div class=\"item\"><div class=\"row\"><div class=\"col-md-12 pt-cv-content-item pt-cv-1-col\" ><a href=\"https:\/\/publimar.mx\/index.php\/2024\/07\/22\/invitan-a-descubrir-en-la-feria-del-mezcal-la-riqueza-de-las-bebidas-y-comida-tradicionales-ademas-de-productos-agroindustriales-y-artesanales\/\" class=\"_self pt-cv-href-thumbnail pt-cv-thumb-default\" target=\"_self\" ><img width=\"300\" height=\"200\" src=\"https:\/\/publimar.mx\/wp-content\/uploads\/2024\/07\/mezcal-300x200.jpg\" class=\"pt-cv-thumbnail\" alt=\"\" loading=\"lazy\" srcset=\"https:\/\/publimar.mx\/wp-content\/uploads\/2024\/07\/mezcal-300x200.jpg 300w, https:\/\/publimar.mx\/wp-content\/uploads\/2024\/07\/mezcal.jpg 709w\" sizes=\"(max-width: 300px) 100vw, 300px\" \/><\/a>\n<div class=\"pt-cv-carousel-caption pt-cv-cap-w-img\"><h4 class=\"pt-cv-title\"><a href=\"https:\/\/publimar.mx\/index.php\/2024\/07\/22\/invitan-a-descubrir-en-la-feria-del-mezcal-la-riqueza-de-las-bebidas-y-comida-tradicionales-ademas-de-productos-agroindustriales-y-artesanales\/\" class=\"_self\" target=\"_self\" >\u2022 Invitan a descubrir en la Feria del Mezcal la riqueza de las bebidas y comida tradicionales, adem\u00e1s de productos agroindustriales y artesanales<\/a><\/h4>\n<div class=\"pt-cv-content\">Santa Luc\u00eda del Camino, Oax. 22 de julio de 2024.- Entre risas, tres amigos pasearon y disfrutaron de la Feria ...<br \/><a href=\"https:\/\/publimar.mx\/index.php\/2024\/07\/22\/invitan-a-descubrir-en-la-feria-del-mezcal-la-riqueza-de-las-bebidas-y-comida-tradicionales-ademas-de-productos-agroindustriales-y-artesanales\/\" class=\"_self pt-cv-readmore btn btn-success\" target=\"_self\">Leer M\u00e1s<\/a><\/div><\/div><\/div><\/div><\/div>\n<div class=\"item\"><div class=\"row\"><div class=\"col-md-12 pt-cv-content-item pt-cv-1-col\" ><a href=\"https:\/\/publimar.mx\/index.php\/2024\/07\/22\/san-antonio-arrazola-comparte-la-tradicion-ancestral-de-sus-alebrijes\/\" class=\"_self pt-cv-href-thumbnail pt-cv-thumb-default\" target=\"_self\" ><img width=\"300\" height=\"200\" src=\"https:\/\/publimar.mx\/wp-content\/uploads\/2024\/07\/animal-300x200.jpeg\" class=\"pt-cv-thumbnail\" alt=\"\" loading=\"lazy\" srcset=\"https:\/\/publimar.mx\/wp-content\/uploads\/2024\/07\/animal-300x200.jpeg 300w, https:\/\/publimar.mx\/wp-content\/uploads\/2024\/07\/animal-1024x683.jpeg 1024w, https:\/\/publimar.mx\/wp-content\/uploads\/2024\/07\/animal-768x512.jpeg 768w, https:\/\/publimar.mx\/wp-content\/uploads\/2024\/07\/animal-1536x1024.jpeg 1536w, https:\/\/publimar.mx\/wp-content\/uploads\/2024\/07\/animal-2048x1366.jpeg 2048w\" sizes=\"(max-width: 300px) 100vw, 300px\" \/><\/a>\n<div class=\"pt-cv-carousel-caption pt-cv-cap-w-img\"><h4 class=\"pt-cv-title\"><a href=\"https:\/\/publimar.mx\/index.php\/2024\/07\/22\/san-antonio-arrazola-comparte-la-tradicion-ancestral-de-sus-alebrijes\/\" class=\"_self\" target=\"_self\" >San Antonio Arrazola comparte la tradici\u00f3n ancestral de sus alebrijes<\/a><\/h4>\n<div class=\"pt-cv-content\">\u2022 Alrededor de 30 familias exponen las reconocidas piezas multicolores talladas en madera de copal - Entre centenares de coloridas ...<br \/><a href=\"https:\/\/publimar.mx\/index.php\/2024\/07\/22\/san-antonio-arrazola-comparte-la-tradicion-ancestral-de-sus-alebrijes\/\" class=\"_self pt-cv-readmore btn btn-success\" target=\"_self\">Leer M\u00e1s<\/a><\/div><\/div><\/div><\/div><\/div>\n<div class=\"item\"><div class=\"row\"><div class=\"col-md-12 pt-cv-content-item pt-cv-1-col\" ><a href=\"https:\/\/publimar.mx\/index.php\/2024\/07\/22\/con-la-participacion-de-mas-de-3-mil-personas-realizan-carrera-atletica-7k-guelaguetza-2024\/\" class=\"_self pt-cv-href-thumbnail pt-cv-thumb-default\" target=\"_self\" ><img width=\"300\" height=\"218\" src=\"https:\/\/publimar.mx\/wp-content\/uploads\/2024\/07\/GOBERNADOR-CARRERA-ATLETICA-3-300x218.jpeg\" class=\"pt-cv-thumbnail\" alt=\"\" loading=\"lazy\" srcset=\"https:\/\/publimar.mx\/wp-content\/uploads\/2024\/07\/GOBERNADOR-CARRERA-ATLETICA-3-300x218.jpeg 300w, https:\/\/publimar.mx\/wp-content\/uploads\/2024\/07\/GOBERNADOR-CARRERA-ATLETICA-3-768x558.jpeg 768w, https:\/\/publimar.mx\/wp-content\/uploads\/2024\/07\/GOBERNADOR-CARRERA-ATLETICA-3.jpeg 900w\" sizes=\"(max-width: 300px) 100vw, 300px\" \/><\/a>\n<div class=\"pt-cv-carousel-caption pt-cv-cap-w-img\"><h4 class=\"pt-cv-title\"><a href=\"https:\/\/publimar.mx\/index.php\/2024\/07\/22\/con-la-participacion-de-mas-de-3-mil-personas-realizan-carrera-atletica-7k-guelaguetza-2024\/\" class=\"_self\" target=\"_self\" >Con la participaci\u00f3n de m\u00e1s de 3 mil personas, realizan Carrera Atl\u00e9tica 7K Guelaguetza 2024<\/a><\/h4>\n<div class=\"pt-cv-content\">\u00b7 El Gobernador de Oaxaca dio el banderazo de salida de esta actividad que parti\u00f3 del Cerro del Fort\u00edn -\u00a0En ...<br \/><a href=\"https:\/\/publimar.mx\/index.php\/2024\/07\/22\/con-la-participacion-de-mas-de-3-mil-personas-realizan-carrera-atletica-7k-guelaguetza-2024\/\" class=\"_self pt-cv-readmore btn btn-success\" target=\"_self\">Leer M\u00e1s<\/a><\/div><\/div><\/div><\/div><\/div>\n<div class=\"item\"><div class=\"row\"><div class=\"col-md-12 pt-cv-content-item pt-cv-1-col\" ><a href=\"https:\/\/publimar.mx\/index.php\/2024\/07\/22\/inauguran-expo-feria-del-queso-y-quesillo-2024-en-reyes-etla\/\" class=\"_self pt-cv-href-thumbnail pt-cv-thumb-default\" target=\"_self\" ><img width=\"300\" height=\"188\" src=\"https:\/\/publimar.mx\/wp-content\/uploads\/2024\/07\/SEDECO-2-1-1-300x188.jpeg\" class=\"pt-cv-thumbnail\" alt=\"\" loading=\"lazy\" srcset=\"https:\/\/publimar.mx\/wp-content\/uploads\/2024\/07\/SEDECO-2-1-1-300x188.jpeg 300w, https:\/\/publimar.mx\/wp-content\/uploads\/2024\/07\/SEDECO-2-1-1-768x480.jpeg 768w, https:\/\/publimar.mx\/wp-content\/uploads\/2024\/07\/SEDECO-2-1-1.jpeg 800w\" sizes=\"(max-width: 300px) 100vw, 300px\" \/><\/a>\n<div class=\"pt-cv-carousel-caption pt-cv-cap-w-img\"><h4 class=\"pt-cv-title\"><a href=\"https:\/\/publimar.mx\/index.php\/2024\/07\/22\/inauguran-expo-feria-del-queso-y-quesillo-2024-en-reyes-etla\/\" class=\"_self\" target=\"_self\" >Inauguran Expo Feria del Queso y Quesillo 2024 en Reyes Etla<\/a><\/h4>\n<div class=\"pt-cv-content\">\u2022 Se busca preservar el origen aut\u00e9ntico de este alimento emblem\u00e1tico de la gastronom\u00eda oaxaque\u00f1a - Con la participaci\u00f3n de ...<br \/><a href=\"https:\/\/publimar.mx\/index.php\/2024\/07\/22\/inauguran-expo-feria-del-queso-y-quesillo-2024-en-reyes-etla\/\" class=\"_self pt-cv-readmore btn btn-success\" target=\"_self\">Leer M\u00e1s<\/a><\/div><\/div><\/div><\/div><\/div><\/div>\n<a class=\"left carousel-control\" data-target=\"#ade25944i9\" data-cvslide=\"prev\">\r\n\t\t\t\t\t\t<span class=\"glyphicon glyphicon-chevron-left\"><\/span>\r\n\t\t\t\t\t<\/a>\r\n\t\t\t\t\t<a class=\"right carousel-control\" data-target=\"#ade25944i9\" data-cvslide=\"next\">\r\n\t\t\t\t\t\t<span class=\"glyphicon glyphicon-chevron-right\"><\/span>\r\n\t\t\t\t\t<\/a><\/div><\/div><\/div><\/div>\n\n\n\n<div class=\"pt-cv-wrapper\"><div class=\"pt-cv-view pt-cv-scrollable pt-cv-colsys\" id=\"pt-cv-view-02411bcfdi\"><div data-id=\"pt-cv-page-1\" class=\"pt-cv-page\" data-cvc=\"1\"><div id=\"106ae4cceb\" class=\"pt-cv-carousel pt-cv-slide\" data-ride=\"cvcarousel\" data-interval=false><ol class=\"pt-cv-carousel-indicators\"><li data-target=\"#106ae4cceb\" data-cvslide-to=\"0\" class=\"active\"><\/li>\n<li data-target=\"#106ae4cceb\" data-cvslide-to=\"1\" class=\"\"><\/li>\n<li data-target=\"#106ae4cceb\" data-cvslide-to=\"2\" class=\"\"><\/li>\n<li data-target=\"#106ae4cceb\" data-cvslide-to=\"3\" class=\"\"><\/li>\n<li data-target=\"#106ae4cceb\" data-cvslide-to=\"4\" class=\"\"><\/li>\n<li data-target=\"#106ae4cceb\" data-cvslide-to=\"5\" class=\"\"><\/li>\n<li data-target=\"#106ae4cceb\" data-cvslide-to=\"6\" class=\"\"><\/li>\n<li data-target=\"#106ae4cceb\" data-cvslide-to=\"7\" class=\"\"><\/li>\n<li data-target=\"#106ae4cceb\" data-cvslide-to=\"8\" class=\"\"><\/li>\n<li data-target=\"#106ae4cceb\" data-cvslide-to=\"9\" class=\"\"><\/li><\/ol>\n<div class=\"carousel-inner\"><div class=\"item active\"><div class=\"row\"><div class=\"col-md-12 pt-cv-content-item pt-cv-1-col\" ><a href=\"https:\/\/publimar.mx\/index.php\/2026\/04\/29\/publimar-1186\/\" class=\"_self pt-cv-href-thumbnail pt-cv-thumb-default\" target=\"_self\" ><img width=\"300\" height=\"200\" src=\"https:\/\/publimar.mx\/wp-content\/uploads\/2026\/04\/683509197_1581494380642946_4206983964780984124_n-300x200.jpg\" class=\"pt-cv-thumbnail\" alt=\"\" loading=\"lazy\" srcset=\"https:\/\/publimar.mx\/wp-content\/uploads\/2026\/04\/683509197_1581494380642946_4206983964780984124_n-300x200.jpg 300w, https:\/\/publimar.mx\/wp-content\/uploads\/2026\/04\/683509197_1581494380642946_4206983964780984124_n-1024x683.jpg 1024w, https:\/\/publimar.mx\/wp-content\/uploads\/2026\/04\/683509197_1581494380642946_4206983964780984124_n-768x512.jpg 768w, https:\/\/publimar.mx\/wp-content\/uploads\/2026\/04\/683509197_1581494380642946_4206983964780984124_n-1536x1025.jpg 1536w, https:\/\/publimar.mx\/wp-content\/uploads\/2026\/04\/683509197_1581494380642946_4206983964780984124_n.jpg 2048w\" sizes=\"(max-width: 300px) 100vw, 300px\" \/><\/a>\n<div class=\"pt-cv-carousel-caption pt-cv-cap-w-img\"><h4 class=\"pt-cv-title\"><a href=\"https:\/\/publimar.mx\/index.php\/2026\/04\/29\/publimar-1186\/\" class=\"_self\" target=\"_self\" >Huatulco anuncia nueva ruta a\u00e9rea a Puebla y apuesta por realidad virtual en Tianguis Tur\u00edstico 2026<\/a><\/h4>\n<div class=\"pt-cv-content\">El presidente municipal de Santa Mar\u00eda Huatulco, Julio C\u00e1rdenas Ortega, anunci\u00f3 importantes avances en materia tur\u00edstica durante la participaci\u00f3n del ...<br \/><a href=\"https:\/\/publimar.mx\/index.php\/2026\/04\/29\/publimar-1186\/\" class=\"_self pt-cv-readmore btn btn-success\" target=\"_self\">Leer M\u00e1s<\/a><\/div><\/div><\/div><\/div><\/div>\n<div class=\"item\"><div class=\"row\"><div class=\"col-md-12 pt-cv-content-item pt-cv-1-col\" ><a href=\"https:\/\/publimar.mx\/index.php\/2026\/04\/29\/publimar-1184\/\" class=\"_self pt-cv-href-thumbnail pt-cv-thumb-default\" target=\"_self\" ><img width=\"300\" height=\"200\" src=\"https:\/\/publimar.mx\/wp-content\/uploads\/2026\/04\/promocion-turistica-1-300x200.jpeg\" class=\"pt-cv-thumbnail\" alt=\"\" loading=\"lazy\" srcset=\"https:\/\/publimar.mx\/wp-content\/uploads\/2026\/04\/promocion-turistica-1-300x200.jpeg 300w, https:\/\/publimar.mx\/wp-content\/uploads\/2026\/04\/promocion-turistica-1-1024x683.jpeg 1024w, https:\/\/publimar.mx\/wp-content\/uploads\/2026\/04\/promocion-turistica-1-768x512.jpeg 768w, https:\/\/publimar.mx\/wp-content\/uploads\/2026\/04\/promocion-turistica-1.jpeg 1280w\" sizes=\"(max-width: 300px) 100vw, 300px\" \/><\/a>\n<div class=\"pt-cv-carousel-caption pt-cv-cap-w-img\"><h4 class=\"pt-cv-title\"><a href=\"https:\/\/publimar.mx\/index.php\/2026\/04\/29\/publimar-1184\/\" class=\"_self\" target=\"_self\" >Oaxaca y Puebla firman alianza para fortalecer promoci\u00f3n tur\u00edstica; impulsan nueva ruta a\u00e9rea a Huatulco<\/a><\/h4>\n<div class=\"pt-cv-content\">Los gobiernos de Oaxaca y Puebla firmaron una alianza estrat\u00e9gica para fortalecer la promoci\u00f3n tur\u00edstica de ambas entidades, mediante un ...<br \/><a href=\"https:\/\/publimar.mx\/index.php\/2026\/04\/29\/publimar-1184\/\" class=\"_self pt-cv-readmore btn btn-success\" target=\"_self\">Leer M\u00e1s<\/a><\/div><\/div><\/div><\/div><\/div>\n<div class=\"item\"><div class=\"row\"><div class=\"col-md-12 pt-cv-content-item pt-cv-1-col\" ><a href=\"https:\/\/publimar.mx\/index.php\/2026\/04\/28\/publimar-1183\/\" class=\"_self pt-cv-href-thumbnail pt-cv-thumb-default\" target=\"_self\" ><img width=\"300\" height=\"169\" src=\"https:\/\/publimar.mx\/wp-content\/uploads\/2026\/04\/tren-aifa-cdmx-300x169.jpg\" class=\"pt-cv-thumbnail\" alt=\"\" loading=\"lazy\" srcset=\"https:\/\/publimar.mx\/wp-content\/uploads\/2026\/04\/tren-aifa-cdmx-300x169.jpg 300w, https:\/\/publimar.mx\/wp-content\/uploads\/2026\/04\/tren-aifa-cdmx-768x432.jpg 768w, https:\/\/publimar.mx\/wp-content\/uploads\/2026\/04\/tren-aifa-cdmx.jpg 960w\" sizes=\"(max-width: 300px) 100vw, 300px\" \/><\/a>\n<div class=\"pt-cv-carousel-caption pt-cv-cap-w-img\"><h4 class=\"pt-cv-title\"><a href=\"https:\/\/publimar.mx\/index.php\/2026\/04\/28\/publimar-1183\/\" class=\"_self\" target=\"_self\" >Inauguran Tren Felipe \u00c1ngeles; podr\u00e1s viajar de Oaxaca o Huatulco al Z\u00f3calo de CDMX en menos de 3 horas y media<\/a><\/h4>\n<div class=\"pt-cv-content\">La presidenta de M\u00e9xico, Claudia Sheinbaum Pardo, inaugur\u00f3 el Tren Felipe \u00c1ngeles, un nuevo sistema de transporte que conecta en ...<br \/><a href=\"https:\/\/publimar.mx\/index.php\/2026\/04\/28\/publimar-1183\/\" class=\"_self pt-cv-readmore btn btn-success\" target=\"_self\">Leer M\u00e1s<\/a><\/div><\/div><\/div><\/div><\/div>\n<div class=\"item\"><div class=\"row\"><div class=\"col-md-12 pt-cv-content-item pt-cv-1-col\" ><a href=\"https:\/\/publimar.mx\/index.php\/2026\/04\/27\/publimar-1179\/\" class=\"_self pt-cv-href-thumbnail pt-cv-thumb-default\" target=\"_self\" ><img width=\"300\" height=\"200\" src=\"https:\/\/publimar.mx\/wp-content\/uploads\/2026\/04\/Playas-con-Valor-llego-a-Mazunte-1-300x200.jpg\" class=\"pt-cv-thumbnail\" alt=\"\" loading=\"lazy\" srcset=\"https:\/\/publimar.mx\/wp-content\/uploads\/2026\/04\/Playas-con-Valor-llego-a-Mazunte-1-300x200.jpg 300w, https:\/\/publimar.mx\/wp-content\/uploads\/2026\/04\/Playas-con-Valor-llego-a-Mazunte-1-768x512.jpg 768w, https:\/\/publimar.mx\/wp-content\/uploads\/2026\/04\/Playas-con-Valor-llego-a-Mazunte-1.jpg 1024w\" sizes=\"(max-width: 300px) 100vw, 300px\" \/><\/a>\n<div class=\"pt-cv-carousel-caption pt-cv-cap-w-img\"><h4 class=\"pt-cv-title\"><a href=\"https:\/\/publimar.mx\/index.php\/2026\/04\/27\/publimar-1179\/\" class=\"_self\" target=\"_self\" >Realizan jornada \u201cPlayas con Valor\u201d en Mazunte; impulsan limpieza y reciclaje en la Costa de Oaxaca<\/a><\/h4>\n<div class=\"pt-cv-content\">Con el objetivo de promover el cuidado del medio ambiente, se llev\u00f3 a cabo con \u00e9xito la jornada \u201cPlayas con ...<br \/><a href=\"https:\/\/publimar.mx\/index.php\/2026\/04\/27\/publimar-1179\/\" class=\"_self pt-cv-readmore btn btn-success\" target=\"_self\">Leer M\u00e1s<\/a><\/div><\/div><\/div><\/div><\/div>\n<div class=\"item\"><div class=\"row\"><div class=\"col-md-12 pt-cv-content-item pt-cv-1-col\" ><a href=\"https:\/\/publimar.mx\/index.php\/2026\/04\/27\/publimar-1178\/\" class=\"_self pt-cv-href-thumbnail pt-cv-thumb-default\" target=\"_self\" ><img width=\"300\" height=\"174\" src=\"https:\/\/publimar.mx\/wp-content\/uploads\/2026\/04\/crucero-island-princes-4-300x174.jpg\" class=\"pt-cv-thumbnail\" alt=\"\" loading=\"lazy\" srcset=\"https:\/\/publimar.mx\/wp-content\/uploads\/2026\/04\/crucero-island-princes-4-300x174.jpg 300w, https:\/\/publimar.mx\/wp-content\/uploads\/2026\/04\/crucero-island-princes-4-1024x596.jpg 1024w, https:\/\/publimar.mx\/wp-content\/uploads\/2026\/04\/crucero-island-princes-4-768x447.jpg 768w, https:\/\/publimar.mx\/wp-content\/uploads\/2026\/04\/crucero-island-princes-4-1536x893.jpg 1536w, https:\/\/publimar.mx\/wp-content\/uploads\/2026\/04\/crucero-island-princes-4.jpg 2048w\" sizes=\"(max-width: 300px) 100vw, 300px\" \/><\/a>\n<div class=\"pt-cv-carousel-caption pt-cv-cap-w-img\"><h4 class=\"pt-cv-title\"><a href=\"https:\/\/publimar.mx\/index.php\/2026\/04\/27\/publimar-1178\/\" class=\"_self\" target=\"_self\" >Arriba crucero Grand Princess a Huatulco con m\u00e1s de 3 mil 500 visitantes; estiman derrama de 2.7 mdp<\/a><\/h4>\n<div class=\"pt-cv-content\">La Costa Oaxaque\u00f1a inici\u00f3 la semana con un importante impulso tur\u00edstico tras la llegada del crucero Grand Princess al puerto ...<br \/><a href=\"https:\/\/publimar.mx\/index.php\/2026\/04\/27\/publimar-1178\/\" class=\"_self pt-cv-readmore btn btn-success\" target=\"_self\">Leer M\u00e1s<\/a><\/div><\/div><\/div><\/div><\/div>\n<div class=\"item\"><div class=\"row\"><div class=\"col-md-12 pt-cv-content-item pt-cv-1-col\" ><a href=\"https:\/\/publimar.mx\/index.php\/2026\/04\/25\/publimar-1175\/\" class=\"_self pt-cv-href-thumbnail pt-cv-thumb-default\" target=\"_self\" ><img width=\"300\" height=\"169\" src=\"https:\/\/publimar.mx\/wp-content\/uploads\/2026\/04\/crucero-elizabeth-queen-en-huatulco-2-300x169.jpg\" class=\"pt-cv-thumbnail\" alt=\"\" loading=\"lazy\" srcset=\"https:\/\/publimar.mx\/wp-content\/uploads\/2026\/04\/crucero-elizabeth-queen-en-huatulco-2-300x169.jpg 300w, https:\/\/publimar.mx\/wp-content\/uploads\/2026\/04\/crucero-elizabeth-queen-en-huatulco-2-1024x576.jpg 1024w, https:\/\/publimar.mx\/wp-content\/uploads\/2026\/04\/crucero-elizabeth-queen-en-huatulco-2-768x432.jpg 768w, https:\/\/publimar.mx\/wp-content\/uploads\/2026\/04\/crucero-elizabeth-queen-en-huatulco-2-1536x864.jpg 1536w, https:\/\/publimar.mx\/wp-content\/uploads\/2026\/04\/crucero-elizabeth-queen-en-huatulco-2.jpg 2048w\" sizes=\"(max-width: 300px) 100vw, 300px\" \/><\/a>\n<div class=\"pt-cv-carousel-caption pt-cv-cap-w-img\"><h4 class=\"pt-cv-title\"><a href=\"https:\/\/publimar.mx\/index.php\/2026\/04\/25\/publimar-1175\/\" class=\"_self\" target=\"_self\" >Arriba crucero Queen Elizabeth a Huatulco con m\u00e1s de 2 mil 800 visitantes<\/a><\/h4>\n<div class=\"pt-cv-content\">El presidente municipal de Santa Mar\u00eda Huatulco, Julio C\u00e1rdenas Ortega, inform\u00f3 sobre la llegada del crucero Queen Elizabeth al puerto ...<br \/><a href=\"https:\/\/publimar.mx\/index.php\/2026\/04\/25\/publimar-1175\/\" class=\"_self pt-cv-readmore btn btn-success\" target=\"_self\">Leer M\u00e1s<\/a><\/div><\/div><\/div><\/div><\/div>\n<div class=\"item\"><div class=\"row\"><div class=\"col-md-12 pt-cv-content-item pt-cv-1-col\" ><a href=\"https:\/\/publimar.mx\/index.php\/2025\/11\/11\/oaxaca-mostrara-su-riqueza-cultural-y-natural-en-el-tianguis-nacional-de-pueblos-magicos-2025\/\" class=\"_self pt-cv-href-thumbnail pt-cv-thumb-default\" target=\"_self\" ><img width=\"300\" height=\"200\" src=\"https:\/\/publimar.mx\/wp-content\/uploads\/2025\/11\/Oaxaca-mostrara-su-riqueza-comunitaria-en-el-Tianguis-Nacional-de-Pueblos-Magicos-2025-4-300x200.jpg\" class=\"pt-cv-thumbnail\" alt=\"\" loading=\"lazy\" srcset=\"https:\/\/publimar.mx\/wp-content\/uploads\/2025\/11\/Oaxaca-mostrara-su-riqueza-comunitaria-en-el-Tianguis-Nacional-de-Pueblos-Magicos-2025-4-300x200.jpg 300w, https:\/\/publimar.mx\/wp-content\/uploads\/2025\/11\/Oaxaca-mostrara-su-riqueza-comunitaria-en-el-Tianguis-Nacional-de-Pueblos-Magicos-2025-4-768x512.jpg 768w, https:\/\/publimar.mx\/wp-content\/uploads\/2025\/11\/Oaxaca-mostrara-su-riqueza-comunitaria-en-el-Tianguis-Nacional-de-Pueblos-Magicos-2025-4.jpg 800w\" sizes=\"(max-width: 300px) 100vw, 300px\" \/><\/a>\n<div class=\"pt-cv-carousel-caption pt-cv-cap-w-img\"><h4 class=\"pt-cv-title\"><a href=\"https:\/\/publimar.mx\/index.php\/2025\/11\/11\/oaxaca-mostrara-su-riqueza-cultural-y-natural-en-el-tianguis-nacional-de-pueblos-magicos-2025\/\" class=\"_self\" target=\"_self\" >Oaxaca mostrar\u00e1 su riqueza cultural y natural en el Tianguis Nacional de Pueblos M\u00e1gicos 2025<\/a><\/h4>\n<div class=\"pt-cv-content\">default Oaxaca de Ju\u00e1rez, Oax.\u2013 Oaxaca participar\u00e1 en la s\u00e9ptima edici\u00f3n del Tianguis Nacional de Pueblos M\u00e1gicos (TNPM) 2025, que ...<br \/><a href=\"https:\/\/publimar.mx\/index.php\/2025\/11\/11\/oaxaca-mostrara-su-riqueza-cultural-y-natural-en-el-tianguis-nacional-de-pueblos-magicos-2025\/\" class=\"_self pt-cv-readmore btn btn-success\" target=\"_self\">Leer M\u00e1s<\/a><\/div><\/div><\/div><\/div><\/div>\n<div class=\"item\"><div class=\"row\"><div class=\"col-md-12 pt-cv-content-item pt-cv-1-col\" ><a href=\"https:\/\/publimar.mx\/index.php\/2025\/11\/11\/festival-costeno-de-la-danza-deja-derrama-economica-de-casi-19-millones-de-pesos-en-puerto-escondido\/\" class=\"_self pt-cv-href-thumbnail pt-cv-thumb-default\" target=\"_self\" ><img width=\"300\" height=\"200\" src=\"https:\/\/publimar.mx\/wp-content\/uploads\/2025\/11\/Impulsa-Gobierno-de-Oaxaca-economia-e-identidad-cultural-en-el-XXXII-Festival-Costeno-de-la-Danza-3-300x200.jpeg\" class=\"pt-cv-thumbnail\" alt=\"\" loading=\"lazy\" srcset=\"https:\/\/publimar.mx\/wp-content\/uploads\/2025\/11\/Impulsa-Gobierno-de-Oaxaca-economia-e-identidad-cultural-en-el-XXXII-Festival-Costeno-de-la-Danza-3-300x200.jpeg 300w, https:\/\/publimar.mx\/wp-content\/uploads\/2025\/11\/Impulsa-Gobierno-de-Oaxaca-economia-e-identidad-cultural-en-el-XXXII-Festival-Costeno-de-la-Danza-3-1024x683.jpeg 1024w, https:\/\/publimar.mx\/wp-content\/uploads\/2025\/11\/Impulsa-Gobierno-de-Oaxaca-economia-e-identidad-cultural-en-el-XXXII-Festival-Costeno-de-la-Danza-3-768x512.jpeg 768w, https:\/\/publimar.mx\/wp-content\/uploads\/2025\/11\/Impulsa-Gobierno-de-Oaxaca-economia-e-identidad-cultural-en-el-XXXII-Festival-Costeno-de-la-Danza-3.jpeg 1280w\" sizes=\"(max-width: 300px) 100vw, 300px\" \/><\/a>\n<div class=\"pt-cv-carousel-caption pt-cv-cap-w-img\"><h4 class=\"pt-cv-title\"><a href=\"https:\/\/publimar.mx\/index.php\/2025\/11\/11\/festival-costeno-de-la-danza-deja-derrama-economica-de-casi-19-millones-de-pesos-en-puerto-escondido\/\" class=\"_self\" target=\"_self\" >Festival Coste\u00f1o de la Danza deja derrama econ\u00f3mica de casi 19 millones de pesos en Puerto Escondido<\/a><\/h4>\n<div class=\"pt-cv-content\">Puerto Escondido, Oax.\u2013 Una derrama econ\u00f3mica estimada en 18 millones 945 mil pesos dej\u00f3 la realizaci\u00f3n del XXXII Festival Coste\u00f1o ...<br \/><a href=\"https:\/\/publimar.mx\/index.php\/2025\/11\/11\/festival-costeno-de-la-danza-deja-derrama-economica-de-casi-19-millones-de-pesos-en-puerto-escondido\/\" class=\"_self pt-cv-readmore btn btn-success\" target=\"_self\">Leer M\u00e1s<\/a><\/div><\/div><\/div><\/div><\/div>\n<div class=\"item\"><div class=\"row\"><div class=\"col-md-12 pt-cv-content-item pt-cv-1-col\" ><a href=\"https:\/\/publimar.mx\/index.php\/2025\/11\/08\/el-aeropuerto-internacional-de-oaxaca-rompe-record-historico-con-mas-de-7-mil-700-pasajeros-en-un-solo-dia\/\" class=\"_self pt-cv-href-thumbnail pt-cv-thumb-default\" target=\"_self\" ><img width=\"300\" height=\"192\" src=\"https:\/\/publimar.mx\/wp-content\/uploads\/2025\/11\/SECTUR-2-300x192.jpg\" class=\"pt-cv-thumbnail\" alt=\"\" loading=\"lazy\" srcset=\"https:\/\/publimar.mx\/wp-content\/uploads\/2025\/11\/SECTUR-2-300x192.jpg 300w, https:\/\/publimar.mx\/wp-content\/uploads\/2025\/11\/SECTUR-2-768x492.jpg 768w, https:\/\/publimar.mx\/wp-content\/uploads\/2025\/11\/SECTUR-2.jpg 800w\" sizes=\"(max-width: 300px) 100vw, 300px\" \/><\/a>\n<div class=\"pt-cv-carousel-caption pt-cv-cap-w-img\"><h4 class=\"pt-cv-title\"><a href=\"https:\/\/publimar.mx\/index.php\/2025\/11\/08\/el-aeropuerto-internacional-de-oaxaca-rompe-record-historico-con-mas-de-7-mil-700-pasajeros-en-un-solo-dia\/\" class=\"_self\" target=\"_self\" >El Aeropuerto Internacional de Oaxaca rompe r\u00e9cord hist\u00f3rico con m\u00e1s de 7 mil 700 pasajeros en un solo d\u00eda<\/a><\/h4>\n<div class=\"pt-cv-content\">Oaxaca de Ju\u00e1rez, Oax.- El Aeropuerto Internacional de Oaxaca alcanz\u00f3 una cifra hist\u00f3rica en su tr\u00e1fico diario, al registrar 7 ...<br \/><a href=\"https:\/\/publimar.mx\/index.php\/2025\/11\/08\/el-aeropuerto-internacional-de-oaxaca-rompe-record-historico-con-mas-de-7-mil-700-pasajeros-en-un-solo-dia\/\" class=\"_self pt-cv-readmore btn btn-success\" target=\"_self\">Leer M\u00e1s<\/a><\/div><\/div><\/div><\/div><\/div>\n<div class=\"item\"><div class=\"row\"><div class=\"col-md-12 pt-cv-content-item pt-cv-1-col\" ><a href=\"https:\/\/publimar.mx\/index.php\/2025\/11\/08\/el-palacio-de-gobierno-de-oaxaca-recibe-a-mas-de-15-mil-visitantes-en-el-altar-monumental-de-la-fiesta-mas-viva-de-todas\/\" class=\"_self pt-cv-href-thumbnail pt-cv-thumb-default\" target=\"_self\" ><img width=\"300\" height=\"200\" src=\"https:\/\/publimar.mx\/wp-content\/uploads\/2025\/11\/Cerca-de-15-mil-personas-visitaron-el-Altar-Monumental-de-Palacio-de-Gobierno-5-300x200.jpg\" class=\"pt-cv-thumbnail\" alt=\"\" loading=\"lazy\" srcset=\"https:\/\/publimar.mx\/wp-content\/uploads\/2025\/11\/Cerca-de-15-mil-personas-visitaron-el-Altar-Monumental-de-Palacio-de-Gobierno-5-300x200.jpg 300w, https:\/\/publimar.mx\/wp-content\/uploads\/2025\/11\/Cerca-de-15-mil-personas-visitaron-el-Altar-Monumental-de-Palacio-de-Gobierno-5-768x512.jpg 768w, https:\/\/publimar.mx\/wp-content\/uploads\/2025\/11\/Cerca-de-15-mil-personas-visitaron-el-Altar-Monumental-de-Palacio-de-Gobierno-5.jpg 960w\" sizes=\"(max-width: 300px) 100vw, 300px\" \/><\/a>\n<div class=\"pt-cv-carousel-caption pt-cv-cap-w-img\"><h4 class=\"pt-cv-title\"><a href=\"https:\/\/publimar.mx\/index.php\/2025\/11\/08\/el-palacio-de-gobierno-de-oaxaca-recibe-a-mas-de-15-mil-visitantes-en-el-altar-monumental-de-la-fiesta-mas-viva-de-todas\/\" class=\"_self\" target=\"_self\" >El Palacio de Gobierno de Oaxaca recibe a m\u00e1s de 15 mil visitantes en el Altar Monumental de la Fiesta M\u00e1s Viva de Todas<\/a><\/h4>\n<div class=\"pt-cv-content\">Oaxaca de Ju\u00e1rez, Oax.- El Palacio de Gobierno se convirti\u00f3 en un espacio lleno de color, tradici\u00f3n y cultura durante ...<br \/><a href=\"https:\/\/publimar.mx\/index.php\/2025\/11\/08\/el-palacio-de-gobierno-de-oaxaca-recibe-a-mas-de-15-mil-visitantes-en-el-altar-monumental-de-la-fiesta-mas-viva-de-todas\/\" class=\"_self pt-cv-readmore btn btn-success\" target=\"_self\">Leer M\u00e1s<\/a><\/div><\/div><\/div><\/div><\/div><\/div>\n<a class=\"left carousel-control\" data-target=\"#106ae4cceb\" data-cvslide=\"prev\">\r\n\t\t\t\t\t\t<span class=\"glyphicon glyphicon-chevron-left\"><\/span>\r\n\t\t\t\t\t<\/a>\r\n\t\t\t\t\t<a class=\"right carousel-control\" data-target=\"#106ae4cceb\" data-cvslide=\"next\">\r\n\t\t\t\t\t\t<span class=\"glyphicon glyphicon-chevron-right\"><\/span>\r\n\t\t\t\t\t<\/a><\/div><\/div><\/div><\/div>\n","protected":false},"excerpt":{"rendered":"","protected":false},"author":1,"featured_media":0,"parent":0,"menu_order":0,"comment_status":"closed","ping_status":"closed","template":"","meta":{"_monsterinsights_skip_tracking":false,"_monsterinsights_sitenote_active":false,"_monsterinsights_sitenote_note":"","_monsterinsights_sitenote_category":0},"yoast_head":"<!-- This site is optimized with the Yoast SEO plugin v17.0 - https:\/\/yoast.com\/wordpress\/plugins\/seo\/ -->\n<title>TURISMO - PubliMar<\/title>\n<meta name=\"robots\" content=\"index, follow, max-snippet:-1, max-image-preview:large, max-video-preview:-1\" \/>\n<link rel=\"canonical\" href=\"https:\/\/publimar.mx\/index.php\/turismo\/\" \/>\n<meta property=\"og:locale\" content=\"es_ES\" \/>\n<meta property=\"og:type\" content=\"article\" \/>\n<meta property=\"og:title\" content=\"TURISMO - PubliMar\" \/>\n<meta property=\"og:url\" content=\"https:\/\/publimar.mx\/index.php\/turismo\/\" \/>\n<meta property=\"og:site_name\" content=\"PubliMar\" \/>\n<meta property=\"article:modified_time\" content=\"2020-10-30T16:35:11+00:00\" \/>\n<meta name=\"twitter:card\" content=\"summary_large_image\" \/>\n<script type=\"application\/ld+json\" class=\"yoast-schema-graph\">{\"@context\":\"https:\/\/schema.org\",\"@graph\":[{\"@type\":[\"Person\",\"Organization\"],\"@id\":\"https:\/\/publimar.mx\/#\/schema\/person\/42ad4d315580276616a11863a241f558\",\"name\":\"admin\",\"image\":{\"@type\":\"ImageObject\",\"@id\":\"https:\/\/publimar.mx\/#personlogo\",\"inLanguage\":\"es\",\"url\":\"https:\/\/publimar.mx\/wp-content\/uploads\/2021\/08\/logo.png\",\"contentUrl\":\"https:\/\/publimar.mx\/wp-content\/uploads\/2021\/08\/logo.png\",\"width\":454,\"height\":108,\"caption\":\"admin\"},\"logo\":{\"@id\":\"https:\/\/publimar.mx\/#personlogo\"},\"sameAs\":[\"https:\/\/publimar.mx\"]},{\"@type\":\"WebSite\",\"@id\":\"https:\/\/publimar.mx\/#website\",\"url\":\"https:\/\/publimar.mx\/\",\"name\":\"PubliMar\",\"description\":\"Informaci\\u00f3n de la Costa Oaxaque\\u00f1a\",\"publisher\":{\"@id\":\"https:\/\/publimar.mx\/#\/schema\/person\/42ad4d315580276616a11863a241f558\"},\"potentialAction\":[{\"@type\":\"SearchAction\",\"target\":{\"@type\":\"EntryPoint\",\"urlTemplate\":\"https:\/\/publimar.mx\/?s={search_term_string}\"},\"query-input\":\"required name=search_term_string\"}],\"inLanguage\":\"es\"},{\"@type\":\"WebPage\",\"@id\":\"https:\/\/publimar.mx\/index.php\/turismo\/#webpage\",\"url\":\"https:\/\/publimar.mx\/index.php\/turismo\/\",\"name\":\"TURISMO - PubliMar\",\"isPartOf\":{\"@id\":\"https:\/\/publimar.mx\/#website\"},\"datePublished\":\"2020-10-26T18:44:10+00:00\",\"dateModified\":\"2020-10-30T16:35:11+00:00\",\"breadcrumb\":{\"@id\":\"https:\/\/publimar.mx\/index.php\/turismo\/#breadcrumb\"},\"inLanguage\":\"es\",\"potentialAction\":[{\"@type\":\"ReadAction\",\"target\":[\"https:\/\/publimar.mx\/index.php\/turismo\/\"]}]},{\"@type\":\"BreadcrumbList\",\"@id\":\"https:\/\/publimar.mx\/index.php\/turismo\/#breadcrumb\",\"itemListElement\":[{\"@type\":\"ListItem\",\"position\":1,\"name\":\"Portada\",\"item\":\"https:\/\/publimar.mx\/\"},{\"@type\":\"ListItem\",\"position\":2,\"name\":\"TURISMO\"}]}]}<\/script>\n<!-- \/ Yoast SEO plugin. -->","yoast_head_json":{"title":"TURISMO - PubliMar","robots":{"index":"index","follow":"follow","max-snippet":"max-snippet:-1","max-image-preview":"max-image-preview:large","max-video-preview":"max-video-preview:-1"},"canonical":"https:\/\/publimar.mx\/index.php\/turismo\/","og_locale":"es_ES","og_type":"article","og_title":"TURISMO - PubliMar","og_url":"https:\/\/publimar.mx\/index.php\/turismo\/","og_site_name":"PubliMar","article_modified_time":"2020-10-30T16:35:11+00:00","twitter_card":"summary_large_image","schema":{"@context":"https:\/\/schema.org","@graph":[{"@type":["Person","Organization"],"@id":"https:\/\/publimar.mx\/#\/schema\/person\/42ad4d315580276616a11863a241f558","name":"admin","image":{"@type":"ImageObject","@id":"https:\/\/publimar.mx\/#personlogo","inLanguage":"es","url":"https:\/\/publimar.mx\/wp-content\/uploads\/2021\/08\/logo.png","contentUrl":"https:\/\/publimar.mx\/wp-content\/uploads\/2021\/08\/logo.png","width":454,"height":108,"caption":"admin"},"logo":{"@id":"https:\/\/publimar.mx\/#personlogo"},"sameAs":["https:\/\/publimar.mx"]},{"@type":"WebSite","@id":"https:\/\/publimar.mx\/#website","url":"https:\/\/publimar.mx\/","name":"PubliMar","description":"Informaci\u00f3n de la Costa Oaxaque\u00f1a","publisher":{"@id":"https:\/\/publimar.mx\/#\/schema\/person\/42ad4d315580276616a11863a241f558"},"potentialAction":[{"@type":"SearchAction","target":{"@type":"EntryPoint","urlTemplate":"https:\/\/publimar.mx\/?s={search_term_string}"},"query-input":"required name=search_term_string"}],"inLanguage":"es"},{"@type":"WebPage","@id":"https:\/\/publimar.mx\/index.php\/turismo\/#webpage","url":"https:\/\/publimar.mx\/index.php\/turismo\/","name":"TURISMO - PubliMar","isPartOf":{"@id":"https:\/\/publimar.mx\/#website"},"datePublished":"2020-10-26T18:44:10+00:00","dateModified":"2020-10-30T16:35:11+00:00","breadcrumb":{"@id":"https:\/\/publimar.mx\/index.php\/turismo\/#breadcrumb"},"inLanguage":"es","potentialAction":[{"@type":"ReadAction","target":["https:\/\/publimar.mx\/index.php\/turismo\/"]}]},{"@type":"BreadcrumbList","@id":"https:\/\/publimar.mx\/index.php\/turismo\/#breadcrumb","itemListElement":[{"@type":"ListItem","position":1,"name":"Portada","item":"https:\/\/publimar.mx\/"},{"@type":"ListItem","position":2,"name":"TURISMO"}]}]}},"_links":{"self":[{"href":"https:\/\/publimar.mx\/index.php\/wp-json\/wp\/v2\/pages\/25"}],"collection":[{"href":"https:\/\/publimar.mx\/index.php\/wp-json\/wp\/v2\/pages"}],"about":[{"href":"https:\/\/publimar.mx\/index.php\/wp-json\/wp\/v2\/types\/page"}],"author":[{"embeddable":true,"href":"https:\/\/publimar.mx\/index.php\/wp-json\/wp\/v2\/users\/1"}],"replies":[{"embeddable":true,"href":"https:\/\/publimar.mx\/index.php\/wp-json\/wp\/v2\/comments?post=25"}],"version-history":[{"count":2,"href":"https:\/\/publimar.mx\/index.php\/wp-json\/wp\/v2\/pages\/25\/revisions"}],"predecessor-version":[{"id":182,"href":"https:\/\/publimar.mx\/index.php\/wp-json\/wp\/v2\/pages\/25\/revisions\/182"}],"wp:attachment":[{"href":"https:\/\/publimar.mx\/index.php\/wp-json\/wp\/v2\/media?parent=25"}],"curies":[{"name":"wp","href":"https:\/\/api.w.org\/{rel}","templated":true}]}}